{"id":1240,"date":"2018-11-12T15:35:03","date_gmt":"2018-11-12T14:35:03","guid":{"rendered":"https:\/\/www.escalusverona.com\/chambres\/"},"modified":"2025-10-06T16:28:13","modified_gmt":"2025-10-06T14:28:13","slug":"chambres","status":"publish","type":"page","link":"https:\/\/www.escalusverona.com\/fr\/chambres\/","title":{"rendered":"Chambres"},"content":{"rendered":"<p>[vc_row css=\u00a0\u00bb.vc_custom_1529328255288{padding-bottom: 50px !important;}\u00a0\u00bb][vc_column][vc_column_text]<\/p>\n<p style=\"text-align: center;\">Escalus Luxury Suites dispose de 6 Suites de 3 diff\u00e9rentes typologies, larges et confortables comme des appartements, cr\u00e9\u00e9es par l\u2019architecte d\u2019int\u00e9rieur Andrea Truglio.<span class=\"Apple-converted-space\">\u00a0<\/span><\/p>\n<p>[\/vc_column_text][\/vc_column][\/vc_row][vc_row css=\u00a0\u00bb.vc_custom_1529328876459{padding-bottom: 60px !important;}\u00a0\u00bb][vc_column width=\u00a0\u00bb1\/2&Prime;][vc_gallery type=\u00a0\u00bbnivo\u00a0\u00bb interval=\u00a0\u00bb0&Prime; images=\u00a0\u00bb1671,1663,1667,1687,1675,1679,1683,1659&Prime; img_size=\u00a0\u00bb600&#215;350&Prime;][vc_column_text]<\/p>\n<h3 style=\"text-align: center;\">Junior Suite Design<\/h3>\n<p>[\/vc_column_text][vc_column_text]<\/p>\n<p style=\"text-align: center;\">La Suite \u00ab Junior \u00bb de 30 m\u00b2 donne sur la rue Mazzini, l\u2019une des plus belles all\u00e9es de V\u00e9rone. Elle se compose d\u2019une antichambre, d\u2019une chambre avec un grand lit \u00e0 baldaquin et d\u2019une grande salle de bain. L\u2019ameublement, \u00e9l\u00e9gant et confortable, a \u00e9t\u00e9 sp\u00e9cialement con\u00e7u pour Escalus H\u00f4tel par l\u2019architecte d\u2019int\u00e9rieur Andrea Truglio et r\u00e9alis\u00e9 artisanalement. Le sol est en parquet en ch\u00eane. La salle de bain se compose d\u2019une douche spacieuse qui communique avec la chambre \u00e0 coucher. Nous mettons \u00e0 disposition de nos h\u00f4tes des courtesy kit, un s\u00e8che-cheveux , un peignoir et des pantouffles. La chambre dispose d\u2019un syst\u00e8me de climatisation et de chauffage centralis\u00e9 que vous pouvez r\u00e9gler vous-m\u00eames, d\u2019un t\u00e9l\u00e9viseur LCD, d\u2019un minibar, d\u2019un bureau, d\u2019un sofa, d\u2019un fauteuil, d\u2019un t\u00e9l\u00e9phone et d\u2019un coffre-fort.<span class=\"Apple-converted-space\">\u00a0<\/span><\/p>\n<p style=\"text-align: center;\">Finalement, nous mettons \u00e0 disposition aussi une machine \u00e0 caf\u00e9 avec des capsules et un bouilloire pour le th\u00e9 avec un kit de tisanes. Le WIFI est gratuit.<span class=\"Apple-converted-space\">\u00a0<\/span><\/p>\n<p style=\"text-align: center;\">Il est possible d\u2019ajouter un berceau pour les enfants de 0 \u00e0 3 ans.<\/p>\n<p>[\/vc_column_text][\/vc_column][vc_column width=\u00a0\u00bb1\/2&Prime;][vc_gallery type=\u00a0\u00bbnivo\u00a0\u00bb interval=\u00a0\u00bb0&Prime; images=\u00a0\u00bb1699,1695,1691,1711,1715,1707,1703,1719&Prime; img_size=\u00a0\u00bb600&#215;350&Prime;][vc_column_text]<\/p>\n<h3 style=\"text-align: center;\">Suite Fashion<\/h3>\n<p>[\/vc_column_text][vc_column_text]<\/p>\n<p style=\"text-align: center;\">La Suite \u00abFashion \u00bb de 40 m\u00b2 donne sur la rue Mazzini, l\u2019une des plus belles all\u00e9es de V\u00e9rone.<span class=\"Apple-converted-space\">\u00a0<\/span><\/p>\n<p style=\"text-align: center;\">Elle se compose d\u2019une grande salle de s\u00e9jour moderne et lumineuse avec un minibar, un sofa, des fauteuils, un t\u00e9l\u00e9viseur Plasma\/LCD et un c\u00e2ble ; d\u2019une chambre \u00e0 coucher \u00e0 un grand lit avec un bureau et un t\u00e9l\u00e9viseur et d\u2019une salle de bain spacieuse. L\u2019ameublement, \u00e9l\u00e9gant et confortable, a \u00e9t\u00e9 sp\u00e9cialement con\u00e7u pour Escalus H\u00f4tel par l\u2019architecte d\u2019int\u00e9rieur Andrea Truglio et r\u00e9alis\u00e9 artisanalement. Le sol est en parquet en ch\u00eane.<span class=\"Apple-converted-space\">\u00a0<\/span><\/p>\n<p style=\"text-align: center;\">La salle de bain dispose d\u2019une douche tr\u00e8s grande, de deux lavabos, d\u2019un s\u00e8che-cheveux, d\u2019un courtesy kit, d\u2019un peignoir et des pantouffles. La climatisation et le chauffage sont r\u00e9glables de la chambre.<span class=\"Apple-converted-space\">\u00a0<\/span><\/p>\n<p style=\"text-align: center;\">Nous mettons \u00e0 disposition des h\u00f4tes une machine \u00e0 caf\u00e9 avec des capsules et un bouilloire pour le th\u00e9 avec un kit de tisanes. Le WIFI est gratuit.<span class=\"Apple-converted-space\">\u00a0<\/span><\/p>\n<p style=\"text-align: center;\">Il est possible d\u2019ajouter un berceau pour les enfants de 0 \u00e0 3 ans ou un lit-extra dans la salle de s\u00e9jour.<\/p>\n<p>[\/vc_column_text][\/vc_column][\/vc_row][vc_row][vc_column width=\u00a0\u00bb1\/2&Prime;][vc_gallery type=\u00a0\u00bbnivo\u00a0\u00bb interval=\u00a0\u00bb0&Prime; images=\u00a0\u00bb1743,1747,1751,1731,1727,1735,1723,1739&Prime; img_size=\u00a0\u00bb600&#215;350&Prime;][vc_column_text]<\/p>\n<h3 style=\"text-align: center;\">Suite Glamour Deluxe<\/h3>\n<p>[\/vc_column_text][vc_column_text]<span class=\"Apple-converted-space\">\u00a0<\/span>La Suite \u00abGlamour Deluxe \u00bb de 50 m\u00b2 se compose d\u2019une grande salle de s\u00e9jour, d\u2019un coin-cuisine, d\u2019une chambre \u00e0 coucher s\u00e9par\u00e9e de la salle de s\u00e9jour par un couloir et d\u2019une salle de bain spacieuse.<span class=\"Apple-converted-space\">\u00a0<\/span><\/p>\n<p>Quelques-unes des suites de cette typologie ont un petit balcon ayant vue sur les Ar\u00e8nes.<span class=\"Apple-converted-space\">\u00a0<\/span><\/p>\n<p>C\u2019est une chambre id\u00e9ale pour les familles, pour les voyageurs d\u2019affaires, pour les longs s\u00e9jours et pour ceux aussi qui aiment le confort et les grands espaces. L\u2019ameublement, \u00e9l\u00e9gant et confortable, a \u00e9t\u00e9 sp\u00e9cialement con\u00e7u pour Escalus H\u00f4tel par l\u2019architecte d\u2019int\u00e9rieur Andrea Truglio et r\u00e9alis\u00e9 artisanalement. Le sol est en parquet en ch\u00eane.<span class=\"Apple-converted-space\">\u00a0<\/span><\/p>\n<p>La salle de s\u00e9jour moderne et lumineuse est fournie d\u2019un sofa, de fauteuils, d\u2019un t\u00e9l\u00e9viseur Plasma\/LCD, d\u2019un c\u00e2ble, d\u2019un t\u00e9l\u00e9phone, d\u2019un bureau et d\u2019un ordinateur (sur demande).<span class=\"Apple-converted-space\">\u00a0<\/span><\/p>\n<p>La chambre dispose d\u2019un grand lit ou de deux lits jumeaux (sur demande) et d\u2019un t\u00e9l\u00e9viseur LCD, d\u2019un coffre-fort et d\u2019un t\u00e9l\u00e9phone.<span class=\"Apple-converted-space\">\u00a0<\/span><\/p>\n<p>La salle de bain se compose d\u2019une douche spacieuse et offre \u00e0 ses h\u00f4tes un courtesy kit, un s\u00e8che-cheveux, un peignoir et des pantouffles.<span class=\"Apple-converted-space\">\u00a0<\/span><\/p>\n<p>La climatisation et le chauffage sont centralis\u00e9s et r\u00e9glables de l\u2019int\u00e9rieur de la chambre.<span class=\"Apple-converted-space\">\u00a0<\/span><\/p>\n<p>Nous mettons \u00e0 disposition des h\u00f4tes une machine \u00e0 caf\u00e9 avec des capsules et un bouilloire pour le th\u00e9 avec un kit de tisanes. Le WIFI est gratis[\/vc_column_text][\/vc_column][vc_column width=\u00a0\u00bb1\/2&Prime;][vc_gallery type=\u00a0\u00bbnivo\u00a0\u00bb interval=\u00a0\u00bb0&Prime; images=\u00a0\u00bb1081,1083,1095,1094,1086,1084,1090,1087,1092,1091,1093,1089,1079,1088,1096&Prime; img_size=\u00a0\u00bb600&#215;350&Prime;][vc_column_text]<\/p>\n<h3 style=\"text-align: center;\">Appartamento Annex in Edificio Separato<\/h3>\n<p>[\/vc_column_text][vc_column_text]<\/p>\n<p style=\"text-align: center;\"><strong>LOCAZIONE TURISTICA M0230910680<\/strong><\/p>\n<p style=\"text-align: center;\">Cet appartement de 80 m\u00b2 se compose d\u2019une grande salle de s\u00e9jour avec un balcon qui communique avec la cuisine; de deux chambres \u00e0 coucher et d\u2019une salle de bain spacieuse. C\u2019est un appartement con\u00e7u pour tous les usages: pour de longs s\u00e9jours ou pour des s\u00e9jours d\u2019affaires, mais aussi pour les familles et pour ceux qui aiment le confort et les grands espaces.<span class=\"Apple-converted-space\">\u00a0<\/span><\/p>\n<p style=\"text-align: center;\">La salle de s\u00e9jour pr\u00e9sente un ameublement \u00e9l\u00e9gant qui comprend un canap\u00e9-lit, deux sofas, un t\u00e9l\u00e9viseur plasma\/LCD et un c\u00e2ble. L\u2019une de deux chambres a un grand lit et un t\u00e9l\u00e9viseur\/LCD, l\u2019autre a deux lits jumeaux. Dans la salle de bain vous trouverez une douche spacieuse, un courtesy kit et un s\u00e8che-cheveux.<span class=\"Apple-converted-space\">\u00a0<\/span><\/p>\n<p style=\"text-align: center;\">La climatisation et le chauffage sont centralis\u00e9s et r\u00e9glables de l\u2019int\u00e9rieur.<span class=\"Apple-converted-space\">\u00a0<\/span><\/p>\n<p style=\"text-align: center;\">Nous mettons \u00e0 disposition des h\u00f4tes une machine \u00e0 caf\u00e9 avec des capsules et un bouilloire pour le th\u00e9 avec un kit de tisanes. Le WIFI est gratuit.<span class=\"Apple-converted-space\">\u00a0<\/span><\/p>\n<p style=\"text-align: center;\">Il est possible d\u2019ajouter un maximum de deux lits extra ou un berceau 0-3 ans.<\/p>\n<p>[\/vc_column_text][\/vc_column][\/vc_row]<\/p>\n","protected":false},"excerpt":{"rendered":"<p>[vc_row css=\u00a0\u00bb.vc_custom_1529328255288{padding-bottom: 50px !important;}\u00a0\u00bb][vc_column][vc_column_text] Escalus Luxury Suites dispose de 6 Suites de 3 diff\u00e9rentes typologies, larges et confortables comme des appartements, cr\u00e9\u00e9es par l\u2019architecte d\u2019int\u00e9rieur Andrea Truglio.\u00a0 [\/vc_column_text][\/vc_column][\/vc_row][vc_row css=\u00a0\u00bb.vc_custom_1529328876459{padding-bottom: 60px !important;}\u00a0\u00bb][vc_column width=\u00a0\u00bb1\/2&Prime;][vc_gallery type=\u00a0\u00bbnivo\u00a0\u00bb interval=\u00a0\u00bb0&Prime; images=\u00a0\u00bb1671,1663,1667,1687,1675,1679,1683,1659&Prime; img_size=\u00a0\u00bb600&#215;350&Prime;][vc_column_text] Junior Suite Design [\/vc_column_text][vc_column_text] La Suite \u00ab Junior \u00bb de 30 m\u00b2 donne sur la rue Mazzini, l\u2019une des plus belles all\u00e9es de V\u00e9rone. Elle se compose d\u2019une antichambre,&#8230;<\/p>\n<p><a class=\"more-link\" href=\"https:\/\/www.escalusverona.com\/fr\/chambres\/\">Read More<\/a><\/p>\n","protected":false},"author":1,"featured_media":0,"parent":0,"menu_order":0,"comment_status":"closed","ping_status":"closed","template":"","meta":[],"_links":{"self":[{"href":"https:\/\/www.escalusverona.com\/fr\/wp-json\/wp\/v2\/pages\/1240"}],"collection":[{"href":"https:\/\/www.escalusverona.com\/fr\/wp-json\/wp\/v2\/pages"}],"about":[{"href":"https:\/\/www.escalusverona.com\/fr\/wp-json\/wp\/v2\/types\/page"}],"author":[{"embeddable":true,"href":"https:\/\/www.escalusverona.com\/fr\/wp-json\/wp\/v2\/users\/1"}],"replies":[{"embeddable":true,"href":"https:\/\/www.escalusverona.com\/fr\/wp-json\/wp\/v2\/comments?post=1240"}],"version-history":[{"count":17,"href":"https:\/\/www.escalusverona.com\/fr\/wp-json\/wp\/v2\/pages\/1240\/revisions"}],"predecessor-version":[{"id":1757,"href":"https:\/\/www.escalusverona.com\/fr\/wp-json\/wp\/v2\/pages\/1240\/revisions\/1757"}],"wp:attachment":[{"href":"https:\/\/www.escalusverona.com\/fr\/wp-json\/wp\/v2\/media?parent=1240"}],"curies":[{"name":"wp","href":"https:\/\/api.w.org\/{rel}","templated":true}]}}